{"id":3525,"date":"2016-05-10T15:16:04","date_gmt":"2016-05-10T15:16:04","guid":{"rendered":"https:\/\/www.providereconcepts.ch\/accueil\/"},"modified":"2026-04-28T09:01:17","modified_gmt":"2026-04-28T07:01:17","slug":"accueil","status":"publish","type":"page","link":"https:\/\/www.providereconcepts.ch\/fr\/","title":{"rendered":"Accueil"},"content":{"rendered":"<p>[vc_row full_width=\u00a0\u00bbstretch_row\u00a0\u00bb css=\u00a0\u00bb.vc_custom_1536158761606{margin-bottom: 0px !important;}\u00a0\u00bb][vc_column][rev_slider_vc alias=\u00a0\u00bbHomeHero\u00a0\u00bb][\/vc_column][\/vc_row][vc_row full_height=\u00a0\u00bbyes\u00a0\u00bb equal_height=\u00a0\u00bbyes\u00a0\u00bb content_placement=\u00a0\u00bbmiddle\u00a0\u00bb css=\u00a0\u00bb.vc_custom_1559042262207{padding-top: 150px !important;padding-bottom: 100px !important;background-color: rgba(204,177,149,0.5) !important;*background-color: rgb(204,177,149) !important;}\u00a0\u00bb el_class=\u00a0\u00bb.vc_custom_1536159480447&Prime;][vc_column css_animation=\u00a0\u00bbfadeIn\u00a0\u00bb]\n\t\t<div class=\"section-title text-center\">\n\t\t\t<h2>Votre entreprise de conseil fiable et comp\u00e9tente pour toutes les assurances commerciales et priv\u00e9es<\/h2>\n\t\t\t<p class=\"lead thin\"><\/p>\n\t\t<\/div><!-- \/.section-title -->\n\t[vc_empty_space height=\u00a0\u00bb114px\u00a0\u00bb][vc_row_inner equal_height=\u00a0\u00bbyes\u00a0\u00bb content_placement=\u00a0\u00bbmiddle\u00a0\u00bb][vc_column_inner width=\u00a0\u00bb1\/2&Prime;][vc_column_text css_animation=\u00a0\u00bbfadeIn\u00a0\u00bb]<\/p>\n<h3 id=\"versicherungsschutz-im-dienste\">Une couverture d&rsquo;assurance au service des clients<\/h3>\n<p>En qualit\u00e9 de courtier en assurances ind\u00e9pendant et neutre, nous agissons sur mandat au service des PME, entreprises industrielles, agricoles, commerciales, artisanales, des services, des communes, des organisations et des institutions ainsi que pour les clients priv\u00e9s et associations.<\/p>\n<p>Nos conseillers qualifi\u00e9s disposent, avec nos partenaires de coop\u00e9ration, d&rsquo;un grand savoir-faire dans tous les domaines de l&rsquo;assurance ainsi que dans le secteur bancaire, du droit successoral et fiscal, de la pr\u00e9voyance et des placements.<\/p>\n<p>A l\u2019attribution du mandat (convention de courtage), nous analysons avec nos clients les couvertures d&rsquo;assurance n\u00e9cessaires pour leur entreprise ou leur situation priv\u00e9e.<\/p>\n<p>Nous leur soumettons ensuite des propositions adapt\u00e9es \u00e0 leurs besoins en mati\u00e8re de couverture des risques et d&rsquo;optimisation des co\u00fbts.<\/p>\n<p>Nos clients b\u00e9n\u00e9ficient d&rsquo;un suivi centralis\u00e9 de tous leurs contrats d&rsquo;assurance, quelle que soit la compagnie aupr\u00e8s de laquelle ils ont souscrit.<\/p>\n<p>En cas de probl\u00e8me lors d&rsquo;un sinistre, nous sommes aux c\u00f4t\u00e9s de nos clients.[\/vc_column_text][\/vc_column_inner][vc_column_inner width=\u00a0\u00bb1\/2&Prime; css=\u00a0\u00bb.vc_custom_1602224471596{margin-top: 30px !important;}\u00a0\u00bb][vc_single_image image=\u00a0\u00bb918&Prime; img_size=\u00a0\u00bblarge\u00a0\u00bb alignment=\u00a0\u00bbcenter\u00a0\u00bb css_animation=\u00a0\u00bbfadeIn\u00a0\u00bb][vc_btn title=\u00a0\u00bb\u00c0 propos\u00a0\u00bb style=\u00a0\u00bboutline-custom\u00a0\u00bb outline_custom_color=\u00a0\u00bb#542d00&Prime; outline_custom_hover_background=\u00a0\u00bbrgba(84,45,0,0.25)\u00a0\u00bb outline_custom_hover_text=\u00a0\u00bb#ffffff\u00a0\u00bb shape=\u00a0\u00bbsquare\u00a0\u00bb size=\u00a0\u00bblg\u00a0\u00bb align=\u00a0\u00bbcenter\u00a0\u00bb css_animation=\u00a0\u00bbfadeIn\u00a0\u00bb button_block=\u00a0\u00bbtrue\u00a0\u00bb link=\u00a0\u00bburl:https%3A%2F%2Fwww.providereconcepts.ch%2Ffr%2Fa-notre-sujet%2F|title:%C3%9Cber%20uns||\u00a0\u00bb][\/vc_column_inner][\/vc_row_inner][\/vc_column][\/vc_row][vc_row css=\u00a0\u00bb.vc_custom_1601621033993{margin-top: 150px !important;}\u00a0\u00bb][vc_column][vc_single_image image=\u00a0\u00bb3741&Prime; img_size=\u00a0\u00bbfull\u00a0\u00bb alignment=\u00a0\u00bbcenter\u00a0\u00bb][vc_column_text css_animation=\u00a0\u00bbfadeInUp\u00a0\u00bb css=\u00a0\u00bb.vc_custom_1708337580732{padding-top: 16px !important;padding-bottom: 16px !important;}\u00a0\u00bb]<\/p>\n<h2 id=\"\u201eprovidere\u201c-das-lateinisch\" style=\"text-align: center;\"><strong>\u201eProvidere\u201c le terme latin pour \u201ePr\u00e9voyance\u201c<\/strong><\/h2>\n<p>[\/vc_column_text][\/vc_column][\/vc_row][vc_row equal_height=\u00a0\u00bbyes\u00a0\u00bb css=\u00a0\u00bb.vc_custom_1601621405033{margin-right: 20px !important;margin-bottom: 150px !important;margin-left: 20px !important;}\u00a0\u00bb el_class=\u00a0\u00bbservice-row\u00a0\u00bb][vc_column css_animation=\u00a0\u00bbnone\u00a0\u00bb width=\u00a0\u00bb2\/12&Prime;][\/vc_column][vc_column css_animation=\u00a0\u00bbnone\u00a0\u00bb width=\u00a0\u00bb3\/12&Prime; css=\u00a0\u00bb.vc_custom_1559640132954{border-radius: 2px !important;}\u00a0\u00bb el_class=\u00a0\u00bbservice_card\u00a0\u00bb][vc_column_text css=\u00a0\u00bb.vc_custom_1708337589596{margin-top: 30px !important;margin-bottom: -15px !important;}\u00a0\u00bb]<\/p>\n<h5 id=\"unternehmen--\" style=\"text-align: center;\"><strong>L\u2019entreprise<\/strong><br \/>\n<span style=\"color: #fff;\">.<\/span><\/h5>\n<p>[\/vc_column_text][vc_hoverbox image=\u00a0\u00bb2159&Prime; primary_title=\u00a0\u00bb\u00a0\u00bb hover_title=\u00a0\u00bb\u00a0\u00bb hover_align=\u00a0\u00bbleft\u00a0\u00bb shape=\u00a0\u00bbsquare\u00a0\u00bb hover_background_color=\u00a0\u00bbcustom\u00a0\u00bb css_animation=\u00a0\u00bbnone\u00a0\u00bb hover_custom_background=\u00a0\u00bbrgba(255,255,255,0.01)\u00a0\u00bb]<span style=\"font-size: 18px!important;\">Nous aidons les entreprises \u00e0 \u00e9laborer une pr\u00e9voyance compl\u00e8te et adapt\u00e9e \u00e0 leurs besoins<\/span><\/p>\n<div class=\"vc_btn3-container wpb_animate_when_almost_visible wpb_fadeInLeft fadeInLeft vc_btn3-center wpb_start_animation animated\"><a class=\"btn-schadenfall vc_general vc_btn3 vc_btn3-size-md vc_btn3-shape-square vc_btn3-style-outline-custom\" title=\"\" href=\"https:\/\/www.providereconcepts.ch\/fr\/services\/\">Nos services<\/a><\/div>\n<p>[\/vc_hoverbox][\/vc_column][vc_column width=\u00a0\u00bb2\/12&Prime; css=\u00a0\u00bb.vc_custom_1601620603948{border-radius: 2px !important;}\u00a0\u00bb][\/vc_column][vc_column width=\u00a0\u00bb3\/12&Prime; css=\u00a0\u00bb.vc_custom_1555415556934{border-radius: 2px !important;}\u00a0\u00bb el_class=\u00a0\u00bbservice_card\u00a0\u00bb][vc_column_text css=\u00a0\u00bb.vc_custom_1708337596293{margin-top: 30px !important;margin-bottom: -15px !important;}\u00a0\u00bb]<\/p>\n<h5 id=\"privatkunden--\" style=\"text-align: center;\"><strong>Clients priv\u00e9s<\/strong><br \/>\n<span style=\"color: #fff;\">.<\/span><\/h5>\n<p>[\/vc_column_text][vc_hoverbox image=\u00a0\u00bb2162&Prime; primary_title=\u00a0\u00bb\u00a0\u00bb hover_title=\u00a0\u00bb\u00a0\u00bb hover_align=\u00a0\u00bbleft\u00a0\u00bb shape=\u00a0\u00bbsquare\u00a0\u00bb hover_background_color=\u00a0\u00bbcustom\u00a0\u00bb css_animation=\u00a0\u00bbnone\u00a0\u00bb hover_custom_background=\u00a0\u00bbrgba(255,255,255,0.01)\u00a0\u00bb]<span style=\"font-size: 18px!important;\">Nous assurons ensemble la pr\u00e9voyance pour nos clients priv\u00e9s.<\/span><\/p>\n<div class=\"vc_btn3-container wpb_animate_when_almost_visible wpb_fadeInLeft fadeInLeft vc_btn3-center wpb_start_animation animated\"><a class=\"btn-schadenfall vc_general vc_btn3 vc_btn3-size-md vc_btn3-shape-square vc_btn3-style-outline-custom\" title=\"\" href=\"https:\/\/www.providereconcepts.ch\/fr\/services\/\">Nos services<\/a><\/div>\n<p>[\/vc_hoverbox][\/vc_column][vc_column width=\u00a0\u00bb2\/12&Prime;][\/vc_column][\/vc_row][vc_row css=\u00a0\u00bb.vc_custom_1590570962337{padding-top: 100px !important;padding-bottom: 150px !important;background-color: rgba(204,177,149,0.5) !important;*background-color: rgb(204,177,149) !important;}\u00a0\u00bb][vc_column][vc_row_inner equal_height=\u00a0\u00bbyes\u00a0\u00bb content_placement=\u00a0\u00bbbottom\u00a0\u00bb css=\u00a0\u00bb.vc_custom_1587559934435{padding-top: 0px !important;padding-bottom: 0px !important;}\u00a0\u00bb el_class=\u00a0\u00bbalign-bottom\u00a0\u00bb][vc_column_inner css=\u00a0\u00bb.vc_custom_1601621445913{margin-top: 45px !important;}\u00a0\u00bb offset=\u00a0\u00bbvc_col-md-offset-0&Prime;]\n\t\t<div class=\"section-title text-center\">\n\t\t\t<h2>Depuis plus de 15 ans, l&#039;interm\u00e9diaire neutre pour les solutions d&#039;assurance, de pr\u00e9voyance et de gestion de patrimoine<\/h2>\n\t\t\t<p class=\"lead thin\"><\/p>\n\t\t<\/div><!-- \/.section-title -->\n\t[\/vc_column_inner][\/vc_row_inner][\/vc_column][\/vc_row][vc_row][vc_column]\n\t\t<div class=\"section-title text-left\">\n\t\t\t<h2>Actuel<\/h2>\n\t\t\t<p class=\"lead \"><\/p>\n\t\t<\/div><!-- \/.section-title -->\n\t[\/vc_column][\/vc_row][vc_row gap=\u00a0\u00bb15&Prime; equal_height=\u00a0\u00bbyes\u00a0\u00bb content_placement=\u00a0\u00bbtop\u00a0\u00bb css=\u00a0\u00bb.vc_custom_1711354578718{margin-top: 0px !important;margin-bottom: 100px !important;}\u00a0\u00bb el_class=\u00a0\u00bbequal-height-row\u00a0\u00bb][vc_column css_animation=\u00a0\u00bbnone\u00a0\u00bb width=\u00a0\u00bb1\/3&Prime; css=\u00a0\u00bb.vc_custom_1711353980001{border-top-width: 2px !important;border-right-width: 2px !important;border-bottom-width: 2px !important;border-left-width: 2px !important;padding-top: 15px !important;padding-right: 15px !important;padding-bottom: 15px !important;padding-left: 15px !important;border-left-color: #eeeeee !important;border-left-style: solid !important;border-right-color: #eeeeee !important;border-right-style: solid !important;border-top-color: #eeeeee !important;border-top-style: solid !important;border-bottom-color: #eeeeee !important;border-bottom-style: solid !important;}\u00a0\u00bb el_id=\u00a0\u00bbnews-artikel\u00a0\u00bb][vc_single_image image=\u00a0\u00bb3777&Prime; img_size=\u00a0\u00bb750&#215;500&Prime;][vc_column_text]<\/p>\n<h3 id=\"die-richtige-pensionskasse-f\u00fc\">La caisse de pension appropri\u00e9e pour votre entreprise<\/h3>\n<p>Le processus de recherche de la caisse de pension optimale commence par l&rsquo;examen du contrat d&rsquo;affiliation existant.[\/vc_column_text][vc_btn title=\u00a0\u00bbEn savoir plus\u00a0\u00bb style=\u00a0\u00bboutline-custom\u00a0\u00bb outline_custom_color=\u00a0\u00bb#542d00&Prime; outline_custom_hover_background=\u00a0\u00bbrgba(84,45,0,0.25)\u00a0\u00bb outline_custom_hover_text=\u00a0\u00bb#ffffff\u00a0\u00bb shape=\u00a0\u00bbsquare\u00a0\u00bb align=\u00a0\u00bbcenter\u00a0\u00bb css_animation=\u00a0\u00bbnone\u00a0\u00bb link=\u00a0\u00bburl:https%3A%2F%2Fwww.providereconcepts.ch%2Ffr%2Fnews%23pensionskasseunternehmen|title:News||\u00a0\u00bb][\/vc_column][vc_column width=\u00a0\u00bb1\/3&Prime; el_class=\u00a0\u00bbbordered-box\u00a0\u00bb css=\u00a0\u00bb.vc_custom_1576508535459{border-top-width: 2px !important;border-right-width: 2px !important;border-bottom-width: 2px !important;border-left-width: 2px !important;padding-top: 15px !important;padding-right: 15px !important;padding-bottom: 15px !important;padding-left: 15px !important;border-left-color: #eeeeee !important;border-left-style: solid !important;border-right-color: #eeeeee !important;border-right-style: solid !important;border-top-color: #eeeeee !important;border-top-style: solid !important;border-bottom-color: #eeeeee !important;border-bottom-style: solid !important;}\u00a0\u00bb el_id=\u00a0\u00bbnews-artikel\u00a0\u00bb][vc_single_image image=\u00a0\u00bb2174&Prime; img_size=\u00a0\u00bblarge\u00a0\u00bb][vc_column_text]<\/p>\n<h3 id=\"pensionsplanung\">Planification de retraite<\/h3>\n<p>Une nouvelle \u00e9tape de la vie en toute tranquillit\u00e9. La retraite marque le d\u00e9but d&rsquo;une p\u00e9riode de vie qui am\u00e8ne \u00e0 se poser des questions.[\/vc_column_text][vc_btn title=\u00a0\u00bbEn savoir plus\u00a0\u00bb style=\u00a0\u00bboutline-custom\u00a0\u00bb outline_custom_color=\u00a0\u00bb#542d00&Prime; outline_custom_hover_background=\u00a0\u00bbrgba(84,45,0,0.25)\u00a0\u00bb outline_custom_hover_text=\u00a0\u00bb#ffffff\u00a0\u00bb shape=\u00a0\u00bbsquare\u00a0\u00bb align=\u00a0\u00bbcenter\u00a0\u00bb css_animation=\u00a0\u00bbnone\u00a0\u00bb link=\u00a0\u00bburl:https%3A%2F%2Fwww.providereconcepts.ch%2Ffr%2Fnews%23pensionsplanung|title:News||\u00a0\u00bb][\/vc_column][vc_column width=\u00a0\u00bb1\/3&Prime; css=\u00a0\u00bb.vc_custom_1576508539297{border-top-width: 2px !important;border-right-width: 2px !important;border-bottom-width: 2px !important;border-left-width: 2px !important;padding-top: 15px !important;padding-right: 15px !important;padding-bottom: 15px !important;padding-left: 15px !important;border-left-color: #eeeeee !important;border-left-style: solid !important;border-right-color: #eeeeee !important;border-right-style: solid !important;border-top-color: #eeeeee !important;border-top-style: solid !important;border-bottom-color: #eeeeee !important;border-bottom-style: solid !important;}\u00a0\u00bb el_id=\u00a0\u00bbnews-artikel\u00a0\u00bb][vc_single_image image=\u00a0\u00bb2170&Prime; img_size=\u00a0\u00bblarge\u00a0\u00bb][vc_column_text]<\/p>\n<h3 id=\"einkauf-von-versicherungsjahre\">Rachat d&rsquo;ann\u00e9es d&rsquo;assurance de pr\u00e9voyance professionnelle<\/h3>\n<p>Chaque ann\u00e9e, les personnes assur\u00e9es disposant d&rsquo;un potentiel de rachat ont la possibilit\u00e9 de proc\u00e9der au rachat d\u2019ann\u00e9es d&rsquo;assurance dans la pr\u00e9voyance professionnelle.[\/vc_column_text][vc_btn title=\u00a0\u00bbEn savoir plus\u00a0\u00bb style=\u00a0\u00bboutline-custom\u00a0\u00bb outline_custom_color=\u00a0\u00bb#542d00&Prime; outline_custom_hover_background=\u00a0\u00bbrgba(84,45,0,0.25)\u00a0\u00bb outline_custom_hover_text=\u00a0\u00bb#ffffff\u00a0\u00bb shape=\u00a0\u00bbsquare\u00a0\u00bb align=\u00a0\u00bbcenter\u00a0\u00bb css_animation=\u00a0\u00bbnone\u00a0\u00bb link=\u00a0\u00bburl:https%3A%2F%2Fwww.providereconcepts.ch%2Ffr%2Fnews%23versicherungsjahren|title:News||\u00a0\u00bb][\/vc_column][\/vc_row]<\/p>\n","protected":false},"excerpt":{"rendered":"<p>[vc_row full_width=\u00a0\u00bbstretch_row\u00a0\u00bb css=\u00a0\u00bb.vc_custom_1536158761606{margin-bottom: 0px !important;}\u00a0\u00bb][vc_column][rev_slider_vc alias=\u00a0\u00bbHomeHero\u00a0\u00bb][\/vc_column][\/vc_row][vc_row full_height=\u00a0\u00bbyes\u00a0\u00bb equal_height=\u00a0\u00bbyes\u00a0\u00bb content_placement=\u00a0\u00bbmiddle\u00a0\u00bb css=\u00a0\u00bb.vc_custom_1559042262207{padding-top: 150px !important;padding-bottom: 100px !important;background-color: rgba(204,177,149,0.5) !important;*background-color: rgb(204,177,149) !important;}\u00a0\u00bb el_class=\u00a0\u00bb.vc_custom_1536159480447&Prime;][vc_column css_animation=\u00a0\u00bbfadeIn\u00a0\u00bb][vc_empty_space height=\u00a0\u00bb114px\u00a0\u00bb][vc_row_inner equal_height=\u00a0\u00bbyes\u00a0\u00bb content_placement=\u00a0\u00bbmiddle\u00a0\u00bb][vc_column_inner width=\u00a0\u00bb1\/2&Prime;][vc_column_text css_animation=\u00a0\u00bbfadeIn\u00a0\u00bb] Une couverture d&rsquo;assurance au service des clients En qualit\u00e9 de courtier en assurances ind\u00e9pendant et neutre, nous agissons sur mandat au service des PME, entreprises industrielles, agricoles, commerciales, artisanales, des services, des communes, des organisations et des institutions ainsi que pour les clients priv\u00e9s et associations. Nos conseillers qualifi\u00e9s disposent, avec nos partenaires de coop\u00e9ration, d&rsquo;un grand savoir-faire dans tous <\/p>\n","protected":false},"author":1,"featured_media":0,"parent":0,"menu_order":0,"comment_status":"closed","ping_status":"closed","template":"","meta":{"footnotes":""},"class_list":["post-3525","page","type-page","status-publish","hentry"],"aioseo_notices":[],"_links":{"self":[{"href":"https:\/\/www.providereconcepts.ch\/fr\/wp-json\/wp\/v2\/pages\/3525"}],"collection":[{"href":"https:\/\/www.providereconcepts.ch\/fr\/wp-json\/wp\/v2\/pages"}],"about":[{"href":"https:\/\/www.providereconcepts.ch\/fr\/wp-json\/wp\/v2\/types\/page"}],"author":[{"embeddable":true,"href":"https:\/\/www.providereconcepts.ch\/fr\/wp-json\/wp\/v2\/users\/1"}],"replies":[{"embeddable":true,"href":"https:\/\/www.providereconcepts.ch\/fr\/wp-json\/wp\/v2\/comments?post=3525"}],"version-history":[{"count":19,"href":"https:\/\/www.providereconcepts.ch\/fr\/wp-json\/wp\/v2\/pages\/3525\/revisions"}],"predecessor-version":[{"id":4128,"href":"https:\/\/www.providereconcepts.ch\/fr\/wp-json\/wp\/v2\/pages\/3525\/revisions\/4128"}],"wp:attachment":[{"href":"https:\/\/www.providereconcepts.ch\/fr\/wp-json\/wp\/v2\/media?parent=3525"}],"curies":[{"name":"wp","href":"https:\/\/api.w.org\/{rel}","templated":true}]}}